{"id":409,"date":"2024-07-30T13:50:16","date_gmt":"2024-07-30T13:50:16","guid":{"rendered":"https:\/\/tramin.ruratec.it\/?page_id=409"},"modified":"2024-08-12T10:36:04","modified_gmt":"2024-08-12T08:36:04","slug":"preise","status":"publish","type":"page","link":"https:\/\/tramin.ruratec.it\/?page_id=409","title":{"rendered":"PREISE"},"content":{"rendered":"<p>[et_pb_section fb_built=&#8220;1&#8243; admin_label=&#8220;Header&#8220; _builder_version=&#8220;4.27.0&#8243; _module_preset=&#8220;208dcbd2-7e72-47e0-918d-4d26adc13295&#8243; background_color=&#8220;RGBA(255,255,255,0)&#8220; background_image=&#8220;https:\/\/tramin.ruratec.it\/wp-content\/uploads\/2024\/07\/image-7back_price_page.png&#8220; background_size=&#8220;custom&#8220; background_image_width=&#8220;100%&#8220; background_image_height=&#8220;100%&#8220; background_blend=&#8220;darken&#8220; width=&#8220;100%&#8220; width_tablet=&#8220;&#8220; width_phone=&#8220;95%&#8220; width_last_edited=&#8220;on|desktop&#8220; max_width=&#8220;98%&#8220; max_width_tablet=&#8220;98%&#8220; max_width_phone=&#8220;98%&#8220; max_width_last_edited=&#8220;on|phone&#8220; module_alignment=&#8220;center&#8220; min_height_tablet=&#8220;&#8220; min_height_phone=&#8220;&#8220; min_height_last_edited=&#8220;on|phone&#8220; height=&#8220;50vh&#8220; height_tablet=&#8220;50vh&#8220; height_phone=&#8220;444px&#8220; height_last_edited=&#8220;on|phone&#8220; custom_margin=&#8220;24px|0px|118px|0px|false|true&#8220; custom_padding=&#8220;71px|0px|7px|0px|false|true&#8220; background_last_edited=&#8220;on|phone&#8220; background_image_phone=&#8220;https:\/\/tramin.ruratec.it\/wp-content\/uploads\/2024\/08\/image-7price_phoneback.png&#8220; background_enable_image_phone=&#8220;on&#8220; module_alignment_tablet=&#8220;center&#8220; module_alignment_phone=&#8220;center&#8220; module_alignment_last_edited=&#8220;on|phone&#8220; border_radii=&#8220;on|20px|20px|20px|20px&#8220; locked=&#8220;off&#8220; collapsed=&#8220;on&#8220; global_colors_info=&#8220;{}&#8220; max_width__hover_enabled=&#8220;off|desktop&#8220;][et_pb_row _builder_version=&#8220;4.27.0&#8243; _module_preset=&#8220;default&#8220; transform_translate=&#8220;0px|12vh&#8220; transform_translate_linked=&#8220;off&#8220; max_width=&#8220;1200px&#8220; min_height=&#8220;190.6px&#8220; module_alignment_tablet=&#8220;&#8220; module_alignment_phone=&#8220;center&#8220; module_alignment_last_edited=&#8220;on|phone&#8220; global_colors_info=&#8220;{}&#8220;][et_pb_column type=&#8220;4_4&#8243; _builder_version=&#8220;4.23.2&#8243; _module_preset=&#8220;default&#8220; global_colors_info=&#8220;{}&#8220;][et_pb_heading title=&#8220;Preise&#8220; _builder_version=&#8220;4.27.0&#8243; _module_preset=&#8220;33cd0e7b-5c3d-4c2c-9130-48aa03446097&#8243; title_font=&#8220;DM Sans||||||||&#8220; title_text_align=&#8220;center&#8220; title_text_color=&#8220;#FFFFFF&#8220; title_font_size=&#8220;48px&#8220; transform_scale_tablet=&#8220;&#8220; transform_scale_phone=&#8220;&#8220; transform_scale_last_edited=&#8220;on|phone&#8220; transform_translate=&#8220;3vh|-3vh&#8220; transform_translate_tablet=&#8220;3vh|-3vh&#8220; transform_translate_phone=&#8220;0vh|-42px&#8220; transform_translate_last_edited=&#8220;on|phone&#8220; transform_translate_linked=&#8220;off&#8220; transform_rotate_tablet=&#8220;&#8220; transform_rotate_phone=&#8220;&#8220; transform_rotate_last_edited=&#8220;on|phone&#8220; transform_skew_tablet=&#8220;&#8220; transform_skew_phone=&#8220;&#8220; transform_skew_last_edited=&#8220;on|phone&#8220; transform_origin_tablet=&#8220;&#8220; transform_origin_phone=&#8220;&#8220; transform_origin_last_edited=&#8220;on|phone&#8220; transform_styles_last_edited=&#8220;on|phone&#8220; width=&#8220;93.9%&#8220; min_height=&#8220;156.6px&#8220; custom_margin=&#8220;||21px|||&#8220; title_font_size_tablet=&#8220;48px&#8220; title_font_size_phone=&#8220;30px&#8220; transform_styles_tablet=&#8220;&#8220; transform_styles_phone=&#8220;&#8220; module_alignment_tablet=&#8220;&#8220; module_alignment_phone=&#8220;center&#8220; module_alignment_last_edited=&#8220;on|phone&#8220; title_text_shadow_style=&#8220;preset5&#8243; global_colors_info=&#8220;{}&#8220;][\/et_pb_heading][et_pb_text _builder_version=&#8220;4.27.0&#8243; _module_preset=&#8220;default&#8220; text_text_color=&#8220;#FFFFFF&#8220; text_font_size=&#8220;20px&#8220; transform_scale_tablet=&#8220;&#8220; transform_scale_phone=&#8220;&#8220; transform_scale_last_edited=&#8220;on|phone&#8220; transform_translate=&#8220;0px|-113px&#8220; transform_translate_tablet=&#8220;0px|-113px&#8220; transform_translate_phone=&#8220;0px|-143px&#8220; transform_translate_last_edited=&#8220;on|phone&#8220; transform_translate_linked=&#8220;off&#8220; transform_rotate_tablet=&#8220;&#8220; transform_rotate_phone=&#8220;&#8220; transform_rotate_last_edited=&#8220;on|phone&#8220; transform_skew_tablet=&#8220;&#8220; transform_skew_phone=&#8220;&#8220; transform_skew_last_edited=&#8220;on|phone&#8220; transform_origin_tablet=&#8220;&#8220; transform_origin_phone=&#8220;&#8220; transform_origin_last_edited=&#8220;on|phone&#8220; transform_styles_last_edited=&#8220;on|phone&#8220; text_font_size_phone=&#8220;16px&#8220; header_font_size_phone=&#8220;30px&#8220; transform_styles_tablet=&#8220;&#8220; transform_styles_phone=&#8220;&#8220; global_colors_info=&#8220;{}&#8220;]<\/p>\n<p style=\"text-align: center;\">Wir sind das ganze Jahr \u00fcber ge\u00f6ffnet<\/p>\n<p>[\/et_pb_text][\/et_pb_column][\/et_pb_row][\/et_pb_section][et_pb_section fb_built=&#8220;1&#8243; admin_label=&#8220;Featured Work&#8220; _builder_version=&#8220;4.27.0&#8243; _module_preset=&#8220;default&#8220; background_color=&#8220;#FFFFFF&#8220; transform_translate=&#8220;0px|-109px&#8220; transform_translate_linked=&#8220;off&#8220; width=&#8220;98%&#8220; width_tablet=&#8220;98%&#8220; width_phone=&#8220;98%&#8220; width_last_edited=&#8220;on|phone&#8220; max_width=&#8220;98%&#8220; module_alignment=&#8220;center&#8220; min_height=&#8220;100%&#8220; height=&#8220;717px&#8220; height_tablet=&#8220;717px&#8220; height_phone=&#8220;717px&#8220; height_last_edited=&#8220;on|phone&#8220; custom_margin=&#8220;auto|auto|auto|auto|true|true&#8220; custom_margin_tablet=&#8220;auto|auto|auto|auto|true|true&#8220; custom_margin_phone=&#8220;234px|auto|1323px|auto|false|true&#8220; custom_margin_last_edited=&#8220;on|phone&#8220; custom_padding=&#8220;|0px||0px|true|true&#8220; collapsed=&#8220;on&#8220; global_colors_info=&#8220;{}&#8220;][et_pb_row custom_padding_last_edited=&#8220;on|tablet&#8220; _builder_version=&#8220;4.27.0&#8243; _module_preset=&#8220;default&#8220; background_color=&#8220;RGBA(255,255,255,0)&#8220; transform_translate=&#8220;0px|-66px&#8220; transform_translate_linked=&#8220;off&#8220; width=&#8220;100%&#8220; max_width=&#8220;1200px&#8220; height=&#8220;50%&#8220; max_height=&#8220;50%&#8220; custom_margin=&#8220;auto|auto|auto|auto|false|true&#8220; custom_padding=&#8220;3px|0px|3px|0px|true|true&#8220; custom_padding_tablet=&#8220;||0px||false|false&#8220; custom_padding_phone=&#8220;||0px||false|false&#8220; global_colors_info=&#8220;{}&#8220;][et_pb_column type=&#8220;4_4&#8243; _builder_version=&#8220;4.25.2&#8243; _module_preset=&#8220;fd898b4d-8bae-4131-93ec-b8b875c7e91d&#8220; custom_padding=&#8220;100px|40px|100px|40px|true|true&#8220; custom_padding_tablet=&#8220;60px|30px|60px|30px|true|true&#8220; custom_padding_phone=&#8220;40px|20px|40px|20px|true|true&#8220; global_colors_info=&#8220;{}&#8220;][et_pb_blurb title=&#8220;Tagespreis pro Fahrzeug 30\u20ac + Stromkosten + Kurtaxe&#8220; use_icon=&#8220;on&#8220; image_icon_background_color=&#8220;RGBA(255,255,255,0)&#8220; _builder_version=&#8220;4.27.0&#8243; _module_preset=&#8220;default&#8220; header_font=&#8220;DM Sans||||||||&#8220; header_text_align=&#8220;center&#8220; header_text_color=&#8220;#436c9c&#8220; header_font_size=&#8220;48px&#8220; header_line_height=&#8220;52px&#8220; body_text_color=&#8220;#436c9c&#8220; body_font_size=&#8220;16px&#8220; transform_scale_linked=&#8220;off&#8220; transform_translate=&#8220;0px|-38px&#8220; transform_translate_linked=&#8220;off&#8220; custom_margin=&#8220;-21px|0px||0px|false|true&#8220; hover_enabled=&#8220;0&#8243; header_font_size_phone=&#8220;30px&#8220; header_letter_spacing_tablet=&#8220;&#8220; header_letter_spacing_phone=&#8220;0px&#8220; header_letter_spacing_last_edited=&#8220;on|phone&#8220; header_line_height_tablet=&#8220;52px&#8220; header_line_height_phone=&#8220;33px&#8220; header_line_height_last_edited=&#8220;on|phone&#8220; body_line_height_tablet=&#8220;&#8220; body_line_height_phone=&#8220;22.4px&#8220; body_line_height_last_edited=&#8220;on|phone&#8220; global_colors_info=&#8220;{}&#8220; body_font_size_last_edited=&#8220;on|phone&#8220; body_font_size_phone=&#8220;16px&#8220; content_last_edited=&#8220;on|phone&#8220; content_phone=&#8220;<\/p>\n<p style=%22text-align: center;%22>Maximale Buchungsdauer: 3 Tage<br \/>\nDer Preis wird pro Tag kalkuliert. Eine Kurtaxe von 1,95\u20ac p.P. und Tag f\u00e4llt f\u00fcr jeden Gast ab 14 Jahren an. \u00c4nderungen vorbehalten!<\/p>\n<p>&#8220; sticky_enabled=&#8220;0&#8243; body_font_size_tablet=&#8220;16px&#8220; content_tablet=&#8220;<\/p>\n<p style=%22text-align: center;%22>Maximale Buchungsdauer: 3 Tage<br \/>Der Preis wird pro Tag kalkuliert. Eine Kurtaxe von 1,95\u20ac p.P. und Tag<br \/>f\u00e4llt f\u00fcr jeden Gast ab 14 Jahren an. \u00c4nderungen vorbehalten!<\/p>\n<p>&#8222;]<\/p>\n<p style=\"text-align: center;\">Maximale Buchungsdauer: 3 Tage<br \/>Der Preis wird pro Tag kalkuliert. Eine Kurtaxe von 1,95\u20ac p.P. und Tag<br \/>f\u00e4llt f\u00fcr jeden Gast ab 14 Jahren an. \u00c4nderungen vorbehalten!<\/p>\n<p>[\/et_pb_blurb][\/et_pb_column][\/et_pb_row][et_pb_row column_structure=&#8220;1_4,1_4,1_4,1_4&#8243; _builder_version=&#8220;4.27.0&#8243; _module_preset=&#8220;default&#8220; transform_translate=&#8220;0px|-300px&#8220; transform_translate_linked=&#8220;off&#8220; width=&#8220;100%&#8220; max_width=&#8220;1444px&#8220; module_alignment=&#8220;center&#8220; height=&#8220;5vh&#8220; custom_margin=&#8220;188px|4vh||4vh|false|true&#8220; custom_padding=&#8220;0px||0px||false|false&#8220;][et_pb_column type=&#8220;1_4&#8243; _builder_version=&#8220;4.26.0&#8243; _module_preset=&#8220;default&#8220; global_colors_info=&#8220;{}&#8220;][et_pb_blurb title=&#8220;Fahrzeug&#8220; image=&#8220;https:\/\/tramin.ruratec.it\/wp-content\/uploads\/2024\/07\/Vector_credit_card-1.png&#8220; alt=&#8220;credit_card_icon&#8220; _builder_version=&#8220;4.27.0&#8243; _module_preset=&#8220;default&#8220; header_font=&#8220;DM Sans|700|||||||&#8220; header_text_color=&#8220;#436c9c&#8220; header_font_size=&#8220;18px&#8220; body_font=&#8220;DM Sans||||||||&#8220; body_text_color=&#8220;#436c9c&#8220; body_font_size=&#8220;16px&#8220; background_color=&#8220;#e4e5e9&#8243; image_icon_custom_margin=&#8220;||0px||false|false&#8220; image_icon_custom_padding=&#8220;0px||0px||false|false&#8220; transform_scale_linked=&#8220;off&#8220; width_tablet=&#8220;&#8220; width_phone=&#8220;95%&#8220; width_last_edited=&#8220;on|phone&#8220; height=&#8220;100%&#8220; max_height=&#8220;100%&#8220; custom_margin=&#8220;|0px|||false|false&#8220; custom_padding=&#8220;19px|20px|19px|20px|true|true&#8220; module_alignment_tablet=&#8220;&#8220; module_alignment_phone=&#8220;center&#8220; module_alignment_last_edited=&#8220;on|phone&#8220; border_radii=&#8220;on|15px|15px|15px|15px&#8220; global_colors_info=&#8220;{}&#8220;]<\/p>\n<p>30\u20ac pro Tag<\/p>\n<p><b>Strom<\/b><br \/>\u20ac0.85\/kWh pro Tag<\/p>\n<p><b>Kurtaxe pro Person<\/b><br \/>1,95\u20ac (\u00c4nderungen vorbehalten)<\/p>\n<p><i>Hinweis: Vergewissern Sie sich, dass Ihr Stromkabel in die richtige Steckdose eingesteckt ist, da der Stromverbrauch auf Ihrem Platz automatisch berechnet wird.<\/i><\/p>\n<p>[\/et_pb_blurb][\/et_pb_column][et_pb_column type=&#8220;1_4&#8243; _builder_version=&#8220;4.26.0&#8243; _module_preset=&#8220;default&#8220; global_colors_info=&#8220;{}&#8220;][et_pb_blurb title=&#8220;Preis beinhaltet:&#8220; image=&#8220;https:\/\/tramin.ruratec.it\/wp-content\/uploads\/2024\/07\/Vector_shower.png&#8220; alt=&#8220;dusche_icon&#8220; content_max_width=&#8220;69%&#8220; _builder_version=&#8220;4.27.0&#8243; _module_preset=&#8220;default&#8220; header_font=&#8220;DM Sans|700|||||||&#8220; header_text_color=&#8220;#436c9c&#8220; header_font_size=&#8220;18px&#8220; body_font=&#8220;DM Sans||||||||&#8220; body_text_color=&#8220;#436c9c&#8220; body_font_size=&#8220;16px&#8220; background_color=&#8220;#e4e5e9&#8243; width_tablet=&#8220;&#8220; width_phone=&#8220;95%&#8220; width_last_edited=&#8220;on|phone&#8220; custom_margin=&#8220;|||0px|false|false&#8220; custom_padding=&#8220;20px|20px|20px|20px|true|true&#8220; module_alignment_tablet=&#8220;&#8220; module_alignment_phone=&#8220;center&#8220; module_alignment_last_edited=&#8220;on|phone&#8220; border_radii=&#8220;on|15px|15px|15px|15px&#8220; global_colors_info=&#8220;{}&#8220;]<\/p>\n<p>24h hei\u00dfes Wasser, Waschr\u00e4ume, Toiletten, sicherer Campingplatz, Steckdosen<\/p>\n<p>Die Verwendung von Plastikmatten ist auf den Gr\u00fcnfl\u00e4chen nicht erlaubt. Es d\u00fcrfen luft- und wasserdurchl\u00e4ssige Teppiche ausgelegt werden.<\/p>\n<p>[\/et_pb_blurb][\/et_pb_column][et_pb_column type=&#8220;1_4&#8243; _builder_version=&#8220;4.26.0&#8243; _module_preset=&#8220;default&#8220; global_colors_info=&#8220;{}&#8220;][et_pb_blurb title=&#8220;Hunde&#8220; image=&#8220;https:\/\/tramin.ruratec.it\/wp-content\/uploads\/2024\/07\/Vector_hund.png&#8220; alt=&#8220;hund_icon&#8220; content_max_width=&#8220;76%&#8220; _builder_version=&#8220;4.27.0&#8243; _module_preset=&#8220;default&#8220; header_font=&#8220;DM Sans|700|||||||&#8220; header_text_color=&#8220;#436c9c&#8220; header_font_size=&#8220;18px&#8220; body_font=&#8220;DM Sans||||||||&#8220; body_text_color=&#8220;#436c9c&#8220; body_font_size=&#8220;16px&#8220; background_color=&#8220;#e4e5e9&#8243; width_tablet=&#8220;&#8220; width_phone=&#8220;95%&#8220; width_last_edited=&#8220;on|phone&#8220; custom_padding=&#8220;20px||20px|20px|true|false&#8220; module_alignment_tablet=&#8220;&#8220; module_alignment_phone=&#8220;center&#8220; module_alignment_last_edited=&#8220;on|phone&#8220; border_radii=&#8220;on|15px|15px|15px|15px&#8220; global_colors_info=&#8220;{}&#8220;]<\/p>\n<p>Wir sind eine haustierfreundliche Zone. Wir berechnen keine zus\u00e4tzlichen Kosten f\u00fcr Ihre Haustiere.<\/p>\n<p>Bitte beachten Sie, dass Hunde immer an der Leine gef\u00fchrt werden m\u00fcssen und die allgemeinen Hygienevorschriften eingehalten werden m\u00fcssen.<\/p>\n<p>[\/et_pb_blurb][\/et_pb_column][et_pb_column type=&#8220;1_4&#8243; _builder_version=&#8220;4.26.0&#8243; _module_preset=&#8220;default&#8220; global_colors_info=&#8220;{}&#8220;][et_pb_blurb title=&#8220;Stornierungen&#8220; image=&#8220;https:\/\/tramin.ruratec.it\/wp-content\/uploads\/2024\/07\/Vector_termin_kalender.png&#8220; alt=&#8220;stornierung_icon&#8220; content_max_width=&#8220;49%&#8220; _builder_version=&#8220;4.27.0&#8243; _module_preset=&#8220;default&#8220; header_font=&#8220;DM Sans|700|||||||&#8220; header_text_color=&#8220;#436c9c&#8220; header_font_size=&#8220;18px&#8220; body_font=&#8220;DM Sans||||||||&#8220; body_text_color=&#8220;#436c9c&#8220; body_font_size=&#8220;16px&#8220; background_color=&#8220;#e4e5e9&#8243; width_tablet=&#8220;&#8220; width_phone=&#8220;95%&#8220; width_last_edited=&#8220;on|phone&#8220; height=&#8220;439px&#8220; custom_padding=&#8220;20px|20px|20px|20px|true|true&#8220; module_alignment_tablet=&#8220;&#8220; module_alignment_phone=&#8220;center&#8220; module_alignment_last_edited=&#8220;on|phone&#8220; border_radii=&#8220;on|15px|15px|15px|15px&#8220; global_colors_info=&#8220;{}&#8220;]<\/p>\n<p>Wir berechnen keine Geb\u00fchren, wenn die Stornierung mindestens eine Woche vor dem geplanten Anreisedatum \u00fcber die App erfolgt.<\/p>\n<p>[\/et_pb_blurb][\/et_pb_column][\/et_pb_row][\/et_pb_section][et_pb_section fb_built=&#8220;1&#8243; _builder_version=&#8220;4.27.0&#8243; _module_preset=&#8220;default&#8220; background_color=&#8220;RGBA(255,255,255,0)&#8220; transform_translate=&#8220;0px|-113px&#8220; transform_translate_linked=&#8220;off&#8220; max_width=&#8220;98%&#8220; module_alignment=&#8220;center&#8220; height=&#8220;269px&#8220; custom_margin=&#8220;47px||||false|false&#8220; global_colors_info=&#8220;{}&#8220;][et_pb_row _builder_version=&#8220;4.27.0&#8243; _module_preset=&#8220;default&#8220; width=&#8220;1200%&#8220; width_tablet=&#8220;1200%&#8220; width_phone=&#8220;333px&#8220; width_last_edited=&#8220;on|phone&#8220; height=&#8220;269px&#8220; custom_margin=&#8220;212px||||false|false&#8220; module_alignment_tablet=&#8220;&#8220; module_alignment_phone=&#8220;center&#8220; module_alignment_last_edited=&#8220;on|phone&#8220; global_colors_info=&#8220;{}&#8220;][et_pb_column type=&#8220;4_4&#8243; _builder_version=&#8220;4.26.0&#8243; _module_preset=&#8220;default&#8220; global_colors_info=&#8220;{}&#8220;][et_pb_heading title=&#8220;Jetzt buchen&#8220; _builder_version=&#8220;4.27.0&#8243; _module_preset=&#8220;default&#8220; title_font=&#8220;DM Sans||||||||&#8220; title_text_align=&#8220;center&#8220; title_text_color=&#8220;#436c9c&#8220; title_font_size=&#8220;48px&#8220; transform_translate_linked=&#8220;off&#8220; custom_margin=&#8220;-212px||||false|false&#8220; title_font_size_phone=&#8220;30px&#8220; global_colors_info=&#8220;{}&#8220;][\/et_pb_heading][et_pb_text content_tablet=&#8220;<\/p>\n<p style=%22text-align: center;%22>Planen Sie Ihren Aufenthalt auf dem Tramin Campingplatz<br \/>und sichern Sie sich rechtzeitig Ihren Platz<\/p>\n<p>&#8220; content_phone=&#8220;<\/p>\n<p style=%22text-align: center;%22>Planen Sie Ihren Aufenthalt auf dem Tramin Campingplatz und sichern Sie sich rechtzeitig Ihren Platz<\/p>\n<p>&#8220; content_last_edited=&#8220;on|phone&#8220; _builder_version=&#8220;4.27.0&#8243; _module_preset=&#8220;default&#8220; text_text_color=&#8220;#436c9c&#8220; transform_translate_linked=&#8220;off&#8220; custom_margin=&#8220;||45px||false|false&#8220; hover_enabled=&#8220;0&#8243; global_colors_info=&#8220;{}&#8220; text_font_size_phone=&#8220;16px&#8220; sticky_enabled=&#8220;0&#8243;]<\/p>\n<p style=\"text-align: center;\">Planen Sie Ihren Aufenthalt auf dem Tramin Campingplatz<br \/>und sichern Sie sich rechtzeitig Ihren Platz<\/p>\n<p>[\/et_pb_text][et_pb_button button_text=&#8220;VERF\u00dcGBARKEIT PR\u00dcFEN&#8220; button_alignment=&#8220;center&#8220; _builder_version=&#8220;4.27.0&#8243; _module_preset=&#8220;default&#8220; button_text_size=&#8220;16px&#8220; button_border_radius=&#8220;10px&#8220; button_font=&#8220;DM Sans||||||||&#8220; transform_translate=&#8220;0px|0px&#8220; custom_margin=&#8220;||||false|false&#8220; global_colors_info=&#8220;{}&#8220;][\/et_pb_button][\/et_pb_column][\/et_pb_row][\/et_pb_section][et_pb_section fb_built=&#8220;1&#8243; admin_label=&#8220;CV&#8220; _builder_version=&#8220;4.27.0&#8243; _module_preset=&#8220;default&#8220; background_color=&#8220;#FFFFFF&#8220; background_image=&#8220;https:\/\/tramin.ruratec.it\/wp-content\/uploads\/2024\/07\/Tramin_map_screenshot.png&#8220; transform_scale_tablet=&#8220;&#8220; transform_scale_phone=&#8220;&#8220; transform_scale_last_edited=&#8220;on|phone&#8220; transform_translate=&#8220;0px|-69px&#8220; transform_translate_tablet=&#8220;0px|-69px&#8220; transform_translate_phone=&#8220;0px|-33px&#8220; transform_translate_last_edited=&#8220;on|phone&#8220; transform_translate_linked=&#8220;off&#8220; transform_rotate_tablet=&#8220;&#8220; transform_rotate_phone=&#8220;&#8220; transform_rotate_last_edited=&#8220;on|phone&#8220; transform_skew_tablet=&#8220;&#8220; transform_skew_phone=&#8220;&#8220; transform_skew_last_edited=&#8220;on|phone&#8220; transform_origin_tablet=&#8220;&#8220; transform_origin_phone=&#8220;&#8220; transform_origin_last_edited=&#8220;on|phone&#8220; transform_styles_last_edited=&#8220;on|phone&#8220; width_tablet=&#8220;&#8220; width_phone=&#8220;95%&#8220; width_last_edited=&#8220;on|phone&#8220; max_width=&#8220;98%&#8220; max_width_tablet=&#8220;98%&#8220; max_width_phone=&#8220;98%&#8220; max_width_last_edited=&#8220;on|phone&#8220; module_alignment=&#8220;center&#8220; min_height_tablet=&#8220;&#8220; min_height_phone=&#8220;&#8220; min_height_last_edited=&#8220;on|phone&#8220; height=&#8220;81vh&#8220; height_tablet=&#8220;81vh&#8220; height_phone=&#8220;500px&#8220; height_last_edited=&#8220;on|phone&#8220; max_height_tablet=&#8220;&#8220; max_height_phone=&#8220;&#8220; max_height_last_edited=&#8220;on|phone&#8220; custom_margin=&#8220;88px||13px||false|false&#8220; custom_margin_tablet=&#8220;88px||13px||false|false&#8220; custom_margin_phone=&#8220;88px||13px||false|false&#8220; custom_margin_last_edited=&#8220;on|phone&#8220; transform_styles_tablet=&#8220;&#8220; transform_styles_phone=&#8220;&#8220; border_radii=&#8220;on|20px|20px|20px|20px&#8220; locked=&#8220;off&#8220; collapsed=&#8220;on&#8220; global_colors_info=&#8220;{}&#8220;][\/et_pb_section]<\/p>\n","protected":false},"excerpt":{"rendered":"<p>Wir sind das ganze Jahr \u00fcber ge\u00f6ffnetMaximale Buchungsdauer: 3 TageDer Preis wird pro Tag kalkuliert. Eine Kurtaxe von 1,95\u20ac p.P. und Tagf\u00e4llt f\u00fcr jeden Gast ab 14 Jahren an. \u00c4nderungen vorbehalten!30\u20ac pro Tag Strom\u20ac0.85\/kWh pro Tag Kurtaxe pro Person1,95\u20ac (\u00c4nderungen vorbehalten) Hinweis: Vergewissern Sie sich, dass Ihr Stromkabel in die richtige Steckdose eingesteckt ist, da [&hellip;]<\/p>\n","protected":false},"author":1,"featured_media":0,"parent":0,"menu_order":0,"comment_status":"closed","ping_status":"closed","template":"","meta":{"_et_pb_use_builder":"on","_et_pb_old_content":"","_et_gb_content_width":"","footnotes":""},"class_list":["post-409","page","type-page","status-publish","hentry"],"yoast_head":"<!-- This site is optimized with the Yoast SEO plugin v23.4 - https:\/\/yoast.com\/wordpress\/plugins\/seo\/ -->\n<title>PREISE - Camperstop Tramin<\/title>\n<meta name=\"robots\" content=\"index, follow, max-snippet:-1, max-image-preview:large, max-video-preview:-1\" \/>\n<link rel=\"canonical\" href=\"https:\/\/tramin.ruratec.it\/?page_id=409\" \/>\n<meta property=\"og:locale\" content=\"de_DE\" \/>\n<meta property=\"og:type\" content=\"article\" \/>\n<meta property=\"og:title\" content=\"PREISE - Camperstop Tramin\" \/>\n<meta property=\"og:description\" content=\"Wir sind das ganze Jahr \u00fcber ge\u00f6ffnetMaximale Buchungsdauer: 3 TageDer Preis wird pro Tag kalkuliert. Eine Kurtaxe von 1,95\u20ac p.P. und Tagf\u00e4llt f\u00fcr jeden Gast ab 14 Jahren an. \u00c4nderungen vorbehalten!30\u20ac pro Tag Strom\u20ac0.85\/kWh pro Tag Kurtaxe pro Person1,95\u20ac (\u00c4nderungen vorbehalten) Hinweis: Vergewissern Sie sich, dass Ihr Stromkabel in die richtige Steckdose eingesteckt ist, da [&hellip;]\" \/>\n<meta property=\"og:url\" content=\"https:\/\/tramin.ruratec.it\/?page_id=409\" \/>\n<meta property=\"og:site_name\" content=\"Camperstop Tramin\" \/>\n<meta property=\"article:modified_time\" content=\"2024-08-12T08:36:04+00:00\" \/>\n<meta name=\"twitter:card\" content=\"summary_large_image\" \/>\n<script type=\"application\/ld+json\" class=\"yoast-schema-graph\">{\"@context\":\"https:\/\/schema.org\",\"@graph\":[{\"@type\":\"WebPage\",\"@id\":\"https:\/\/tramin.ruratec.it\/?page_id=409\",\"url\":\"https:\/\/tramin.ruratec.it\/?page_id=409\",\"name\":\"PREISE - Camperstop Tramin\",\"isPartOf\":{\"@id\":\"https:\/\/tramin.ruratec.it\/#website\"},\"datePublished\":\"2024-07-30T13:50:16+00:00\",\"dateModified\":\"2024-08-12T08:36:04+00:00\",\"breadcrumb\":{\"@id\":\"https:\/\/tramin.ruratec.it\/?page_id=409#breadcrumb\"},\"inLanguage\":\"de\",\"potentialAction\":[{\"@type\":\"ReadAction\",\"target\":[\"https:\/\/tramin.ruratec.it\/?page_id=409\"]}]},{\"@type\":\"BreadcrumbList\",\"@id\":\"https:\/\/tramin.ruratec.it\/?page_id=409#breadcrumb\",\"itemListElement\":[{\"@type\":\"ListItem\",\"position\":1,\"name\":\"Startseite\",\"item\":\"https:\/\/tramin.ruratec.it\/\"},{\"@type\":\"ListItem\",\"position\":2,\"name\":\"PREISE\"}]},{\"@type\":\"WebSite\",\"@id\":\"https:\/\/tramin.ruratec.it\/#website\",\"url\":\"https:\/\/tramin.ruratec.it\/\",\"name\":\"Camperstop Tramin\",\"description\":\"\",\"potentialAction\":[{\"@type\":\"SearchAction\",\"target\":{\"@type\":\"EntryPoint\",\"urlTemplate\":\"https:\/\/tramin.ruratec.it\/?s={search_term_string}\"},\"query-input\":{\"@type\":\"PropertyValueSpecification\",\"valueRequired\":true,\"valueName\":\"search_term_string\"}}],\"inLanguage\":\"de\"}]}<\/script>\n<!-- \/ Yoast SEO plugin. -->","yoast_head_json":{"title":"PREISE - Camperstop Tramin","robots":{"index":"index","follow":"follow","max-snippet":"max-snippet:-1","max-image-preview":"max-image-preview:large","max-video-preview":"max-video-preview:-1"},"canonical":"https:\/\/tramin.ruratec.it\/?page_id=409","og_locale":"de_DE","og_type":"article","og_title":"PREISE - Camperstop Tramin","og_description":"Wir sind das ganze Jahr \u00fcber ge\u00f6ffnetMaximale Buchungsdauer: 3 TageDer Preis wird pro Tag kalkuliert. Eine Kurtaxe von 1,95\u20ac p.P. und Tagf\u00e4llt f\u00fcr jeden Gast ab 14 Jahren an. \u00c4nderungen vorbehalten!30\u20ac pro Tag Strom\u20ac0.85\/kWh pro Tag Kurtaxe pro Person1,95\u20ac (\u00c4nderungen vorbehalten) Hinweis: Vergewissern Sie sich, dass Ihr Stromkabel in die richtige Steckdose eingesteckt ist, da [&hellip;]","og_url":"https:\/\/tramin.ruratec.it\/?page_id=409","og_site_name":"Camperstop Tramin","article_modified_time":"2024-08-12T08:36:04+00:00","twitter_card":"summary_large_image","schema":{"@context":"https:\/\/schema.org","@graph":[{"@type":"WebPage","@id":"https:\/\/tramin.ruratec.it\/?page_id=409","url":"https:\/\/tramin.ruratec.it\/?page_id=409","name":"PREISE - Camperstop Tramin","isPartOf":{"@id":"https:\/\/tramin.ruratec.it\/#website"},"datePublished":"2024-07-30T13:50:16+00:00","dateModified":"2024-08-12T08:36:04+00:00","breadcrumb":{"@id":"https:\/\/tramin.ruratec.it\/?page_id=409#breadcrumb"},"inLanguage":"de","potentialAction":[{"@type":"ReadAction","target":["https:\/\/tramin.ruratec.it\/?page_id=409"]}]},{"@type":"BreadcrumbList","@id":"https:\/\/tramin.ruratec.it\/?page_id=409#breadcrumb","itemListElement":[{"@type":"ListItem","position":1,"name":"Startseite","item":"https:\/\/tramin.ruratec.it\/"},{"@type":"ListItem","position":2,"name":"PREISE"}]},{"@type":"WebSite","@id":"https:\/\/tramin.ruratec.it\/#website","url":"https:\/\/tramin.ruratec.it\/","name":"Camperstop Tramin","description":"","potentialAction":[{"@type":"SearchAction","target":{"@type":"EntryPoint","urlTemplate":"https:\/\/tramin.ruratec.it\/?s={search_term_string}"},"query-input":{"@type":"PropertyValueSpecification","valueRequired":true,"valueName":"search_term_string"}}],"inLanguage":"de"}]}},"_links":{"self":[{"href":"https:\/\/tramin.ruratec.it\/index.php?rest_route=\/wp\/v2\/pages\/409","targetHints":{"allow":["GET"]}}],"collection":[{"href":"https:\/\/tramin.ruratec.it\/index.php?rest_route=\/wp\/v2\/pages"}],"about":[{"href":"https:\/\/tramin.ruratec.it\/index.php?rest_route=\/wp\/v2\/types\/page"}],"author":[{"embeddable":true,"href":"https:\/\/tramin.ruratec.it\/index.php?rest_route=\/wp\/v2\/users\/1"}],"replies":[{"embeddable":true,"href":"https:\/\/tramin.ruratec.it\/index.php?rest_route=%2Fwp%2Fv2%2Fcomments&post=409"}],"version-history":[{"count":26,"href":"https:\/\/tramin.ruratec.it\/index.php?rest_route=\/wp\/v2\/pages\/409\/revisions"}],"predecessor-version":[{"id":687,"href":"https:\/\/tramin.ruratec.it\/index.php?rest_route=\/wp\/v2\/pages\/409\/revisions\/687"}],"wp:attachment":[{"href":"https:\/\/tramin.ruratec.it\/index.php?rest_route=%2Fwp%2Fv2%2Fmedia&parent=409"}],"curies":[{"name":"wp","href":"https:\/\/api.w.org\/{rel}","templated":true}]}}